{"id":7149,"date":"2020-04-01T17:59:16","date_gmt":"2020-04-01T15:59:16","guid":{"rendered":"http:\/\/www.regine-koelpin.de\/?page_id=7149"},"modified":"2020-04-01T17:59:16","modified_gmt":"2020-04-01T15:59:16","slug":"der-nordseehof-als-wir-der-freiheit-nahe-waren-band-2","status":"publish","type":"page","link":"http:\/\/www.regine-koelpin.de\/?page_id=7149","title":{"rendered":"Der Nordseehof-  Als wir der Freiheit nahe waren- Band 2"},"content":{"rendered":"<div class=\"book-detail-additional\">\n<div class=\"container\">\n<div class=\"row\">\n<div class=\"col-md-6 col-sm-12 book-detail-additional_content\">\n<figure id=\"attachment_7139\" aria-describedby=\"caption-attachment-7139\" style=\"width: 195px\" class=\"wp-caption aligncenter\"><img loading=\"lazy\" decoding=\"async\" class=\"size-medium wp-image-7139\" src=\"http:\/\/www.regine-koelpin.de\/wp-content\/uploads\/K\u00f6lpin_Nordseehof-2_03-195x300.jpg\" alt=\"\" width=\"195\" height=\"300\" srcset=\"http:\/\/www.regine-koelpin.de\/wp-content\/uploads\/K\u00f6lpin_Nordseehof-2_03-195x300.jpg 195w, http:\/\/www.regine-koelpin.de\/wp-content\/uploads\/K\u00f6lpin_Nordseehof-2_03.jpg 388w\" sizes=\"auto, (max-width: 195px) 100vw, 195px\" \/><figcaption id=\"caption-attachment-7139\" class=\"wp-caption-text\">Band 2<\/figcaption><\/figure>\n<h2 class=\"book-detail-additional-headline\"><span style=\"color: #000000;\">Der Nordseehof \u2013 Als wir der Freiheit nahe waren \u2014 Inhalt<\/span><\/h2>\n<div class=\"book-detail-additional_innercontent speakable-element-1\">\n<p><strong>\u201eWir m\u00fcssen nach vorn sehen. Da liegt die Zukunft.\u201c<\/strong><br \/>\nIn diesem zweiten Band ihrer Saga um den ostfriesischen Nordseehof erz\u00e4hlt Regine K\u00f6lpin \u2013 spannend, bewegend und voller norddeutscher Atmosph\u00e4re \u2013 eine dramatische Emanzipationsgeschichte um drei Frauen aus drei Generationen.<\/p>\n<p>1973: Die 18-j\u00e4hrige Adda tr\u00e4umt davon, die Enge des elterlichen Hofs an der Nordseek\u00fcste zu verlassen, um in der Gro\u00dfstadt eine Ausbildung zur Krankenschwester zu machen. Erst nach und nach wird ihr klar, dass Freiheit nur dem geh\u00f6rt, der wagt, sie zu leben \u2026<\/p>\n<p><strong><em>Der Nordseehof:\u00a0<\/em>Vor der stimmungsvollen Kulisse der norddeutschen Landschaft entfaltet sich eine opulente Familiensaga \u00fcber die Macht der Tr\u00e4ume und den Wunsch nach Freiheit, \u00fcber verbotene Liebe und wahre Heimat. <\/strong><\/p>\n<div>10,00 [D], \u20ac 10,30 [A]<\/div>\n<div>Erscheint am 30.11.2020<\/div>\n<div>352 Seiten, Broschur<\/div>\n<div>EAN 978-3-492-31599-9<\/div>\n<p><strong>\u00a0<\/strong><\/p>\n<p>Band 1: Der Nordseehof \u2013 Als wir tr\u00e4umen durften<br \/>\nBand 2: Der Nordseehof \u2013 Als wir der Freiheit nahe waren<br \/>\nBand 3: Der Nordseehof \u2013 Als wir den Himmel erobern konnten<\/p>\n<\/div>\n<\/div>\n<div class=\"col-md-1 hidden-sm hidden-xs\"><img loading=\"lazy\" decoding=\"async\" class=\"aligncenter size-medium wp-image-7136\" src=\"http:\/\/www.regine-koelpin.de\/wp-content\/uploads\/Der-Nordseehof-\u2013-Als-wir-tr\u00e4umen-durften-von-Regine-K\u00f6lpin-PIPER-Google-Chro_2020-04-01_17-30-56-300x84.jpg\" alt=\"\" width=\"300\" height=\"84\" \/><\/div>\n<div class=\"col-md-3 col-sm-12 book-detail-additional_sidebar\">\n<div class=\"book-detail-sidebarinfo frame-background-grey current\" data-uid=\"10006118\"><\/div>\n<\/div>\n<\/div>\n<\/div>\n<\/div>\n<div>\n<div class=\"book-detail-author-long frame-background-grey\">\n<div class=\"container\">\n<div class=\"row\">\n<div class=\"col-md-1 hidden-sm hidden-xs\"><\/div>\n<\/div>\n<\/div>\n<\/div>\n<\/div>\n","protected":false},"excerpt":{"rendered":"<p>Der Nordseehof \u2013 Als wir der Freiheit nahe waren \u2014 Inhalt \u201eWir m\u00fcssen nach vorn sehen. Da liegt die Zukunft.\u201c&hellip;<\/p>\n","protected":false},"author":1,"featured_media":0,"parent":0,"menu_order":0,"comment_status":"closed","ping_status":"closed","template":"","meta":{"footnotes":""},"class_list":["post-7149","page","type-page","status-publish","hentry"],"yoast_head":"<!-- This site is optimized with the Yoast SEO plugin v24.2 - https:\/\/yoast.com\/wordpress\/plugins\/seo\/ -->\n<title>Der Nordseehof- Als wir der Freiheit nahe waren- Band 2 - Regine K\u00f6lpin<\/title>\n<meta name=\"robots\" content=\"index, follow, max-snippet:-1, max-image-preview:large, max-video-preview:-1\" \/>\n<link rel=\"canonical\" href=\"https:\/\/www.regine-koelpin.de\/?page_id=7149\" \/>\n<meta property=\"og:locale\" content=\"de_DE\" \/>\n<meta property=\"og:type\" content=\"article\" \/>\n<meta property=\"og:title\" content=\"Der Nordseehof- Als wir der Freiheit nahe waren- Band 2 - Regine K\u00f6lpin\" \/>\n<meta property=\"og:description\" content=\"Der Nordseehof \u2013 Als wir der Freiheit nahe waren \u2014 Inhalt \u201eWir m\u00fcssen nach vorn sehen. Da liegt die Zukunft.\u201c&hellip;\" \/>\n<meta property=\"og:url\" content=\"https:\/\/www.regine-koelpin.de\/?page_id=7149\" \/>\n<meta property=\"og:site_name\" content=\"Regine K\u00f6lpin\" \/>\n<meta name=\"twitter:card\" content=\"summary_large_image\" \/>\n<meta name=\"twitter:label1\" content=\"Gesch\u00e4tzte Lesezeit\" \/>\n\t<meta name=\"twitter:data1\" content=\"1\u00a0Minute\" \/>\n<script type=\"application\/ld+json\" class=\"yoast-schema-graph\">{\"@context\":\"https:\/\/schema.org\",\"@graph\":[{\"@type\":\"WebPage\",\"@id\":\"https:\/\/www.regine-koelpin.de\/?page_id=7149\",\"url\":\"https:\/\/www.regine-koelpin.de\/?page_id=7149\",\"name\":\"Der Nordseehof- Als wir der Freiheit nahe waren- Band 2 - Regine K\u00f6lpin\",\"isPartOf\":{\"@id\":\"https:\/\/www.regine-koelpin.de\/#website\"},\"datePublished\":\"2020-04-01T15:59:16+00:00\",\"dateModified\":\"2020-04-01T15:59:16+00:00\",\"breadcrumb\":{\"@id\":\"https:\/\/www.regine-koelpin.de\/?page_id=7149#breadcrumb\"},\"inLanguage\":\"de\",\"potentialAction\":[{\"@type\":\"ReadAction\",\"target\":[\"https:\/\/www.regine-koelpin.de\/?page_id=7149\"]}]},{\"@type\":\"BreadcrumbList\",\"@id\":\"https:\/\/www.regine-koelpin.de\/?page_id=7149#breadcrumb\",\"itemListElement\":[{\"@type\":\"ListItem\",\"position\":1,\"name\":\"Startseite\",\"item\":\"https:\/\/www.regine-koelpin.de\/\"},{\"@type\":\"ListItem\",\"position\":2,\"name\":\"Der Nordseehof- Als wir der Freiheit nahe waren- Band 2\"}]},{\"@type\":\"WebSite\",\"@id\":\"https:\/\/www.regine-koelpin.de\/#website\",\"url\":\"https:\/\/www.regine-koelpin.de\/\",\"name\":\"Regine K\u00f6lpin\",\"description\":\"Schriftstellerin\",\"potentialAction\":[{\"@type\":\"SearchAction\",\"target\":{\"@type\":\"EntryPoint\",\"urlTemplate\":\"https:\/\/www.regine-koelpin.de\/?s={search_term_string}\"},\"query-input\":{\"@type\":\"PropertyValueSpecification\",\"valueRequired\":true,\"valueName\":\"search_term_string\"}}],\"inLanguage\":\"de\"}]}<\/script>\n<!-- \/ Yoast SEO plugin. -->","yoast_head_json":{"title":"Der Nordseehof- Als wir der Freiheit nahe waren- Band 2 - Regine K\u00f6lpin","robots":{"index":"index","follow":"follow","max-snippet":"max-snippet:-1","max-image-preview":"max-image-preview:large","max-video-preview":"max-video-preview:-1"},"canonical":"https:\/\/www.regine-koelpin.de\/?page_id=7149","og_locale":"de_DE","og_type":"article","og_title":"Der Nordseehof- Als wir der Freiheit nahe waren- Band 2 - Regine K\u00f6lpin","og_description":"Der Nordseehof \u2013 Als wir der Freiheit nahe waren \u2014 Inhalt \u201eWir m\u00fcssen nach vorn sehen. Da liegt die Zukunft.\u201c&hellip;","og_url":"https:\/\/www.regine-koelpin.de\/?page_id=7149","og_site_name":"Regine K\u00f6lpin","twitter_card":"summary_large_image","twitter_misc":{"Gesch\u00e4tzte Lesezeit":"1\u00a0Minute"},"schema":{"@context":"https:\/\/schema.org","@graph":[{"@type":"WebPage","@id":"https:\/\/www.regine-koelpin.de\/?page_id=7149","url":"https:\/\/www.regine-koelpin.de\/?page_id=7149","name":"Der Nordseehof- Als wir der Freiheit nahe waren- Band 2 - Regine K\u00f6lpin","isPartOf":{"@id":"https:\/\/www.regine-koelpin.de\/#website"},"datePublished":"2020-04-01T15:59:16+00:00","dateModified":"2020-04-01T15:59:16+00:00","breadcrumb":{"@id":"https:\/\/www.regine-koelpin.de\/?page_id=7149#breadcrumb"},"inLanguage":"de","potentialAction":[{"@type":"ReadAction","target":["https:\/\/www.regine-koelpin.de\/?page_id=7149"]}]},{"@type":"BreadcrumbList","@id":"https:\/\/www.regine-koelpin.de\/?page_id=7149#breadcrumb","itemListElement":[{"@type":"ListItem","position":1,"name":"Startseite","item":"https:\/\/www.regine-koelpin.de\/"},{"@type":"ListItem","position":2,"name":"Der Nordseehof- Als wir der Freiheit nahe waren- Band 2"}]},{"@type":"WebSite","@id":"https:\/\/www.regine-koelpin.de\/#website","url":"https:\/\/www.regine-koelpin.de\/","name":"Regine K\u00f6lpin","description":"Schriftstellerin","potentialAction":[{"@type":"SearchAction","target":{"@type":"EntryPoint","urlTemplate":"https:\/\/www.regine-koelpin.de\/?s={search_term_string}"},"query-input":{"@type":"PropertyValueSpecification","valueRequired":true,"valueName":"search_term_string"}}],"inLanguage":"de"}]}},"_links":{"self":[{"href":"http:\/\/www.regine-koelpin.de\/index.php?rest_route=\/wp\/v2\/pages\/7149","targetHints":{"allow":["GET"]}}],"collection":[{"href":"http:\/\/www.regine-koelpin.de\/index.php?rest_route=\/wp\/v2\/pages"}],"about":[{"href":"http:\/\/www.regine-koelpin.de\/index.php?rest_route=\/wp\/v2\/types\/page"}],"author":[{"embeddable":true,"href":"http:\/\/www.regine-koelpin.de\/index.php?rest_route=\/wp\/v2\/users\/1"}],"replies":[{"embeddable":true,"href":"http:\/\/www.regine-koelpin.de\/index.php?rest_route=%2Fwp%2Fv2%2Fcomments&post=7149"}],"version-history":[{"count":1,"href":"http:\/\/www.regine-koelpin.de\/index.php?rest_route=\/wp\/v2\/pages\/7149\/revisions"}],"predecessor-version":[{"id":7150,"href":"http:\/\/www.regine-koelpin.de\/index.php?rest_route=\/wp\/v2\/pages\/7149\/revisions\/7150"}],"wp:attachment":[{"href":"http:\/\/www.regine-koelpin.de\/index.php?rest_route=%2Fwp%2Fv2%2Fmedia&parent=7149"}],"curies":[{"name":"wp","href":"https:\/\/api.w.org\/{rel}","templated":true}]}}